{"id":4554,"date":"2016-06-23T12:58:05","date_gmt":"2016-06-23T10:58:05","guid":{"rendered":"https:\/\/astridkessler.de\/en\/?page_id=4554"},"modified":"2026-03-01T19:20:14","modified_gmt":"2026-03-01T19:20:14","slug":"media","status":"publish","type":"page","link":"https:\/\/astridkessler.de\/en\/media\/","title":{"rendered":"Media"},"content":{"rendered":"<div class=\"one withsmallpadding ppb_header \" style=\"text-align:center;padding:0px 0 0px 0;color:#ceb4ae\">\n<div class=\"standard_wrapper\">\n<div class=\"page_content_wrapper\">\n<div class=\"inner\">\n<div style=\"margin:auto;width:100%\">\n<h2 class=\"ppb_title\" style=\"color:#ceb4ae\">Videos<\/h2>\n<\/div>\n<\/div>\n<\/div>\n<\/div>\n<\/div>\n<div class=\"one withsmallpadding ppb_text\" style=\"text-align: center;padding:0px 0 0px 0\">\n<div class=\"standard_wrapper\">\n<div class=\"page_content_wrapper\">\n<div class=\"inner\">\n<div style=\"margin:auto;width:100%\">\n<p class=\"p1\" style=\"text-align: center\">\n<p style=\"text-align: center\">\n<p style=\"text-align: center\">\n<p style=\"text-align: center\">\n<p style=\"text-align: center\">\n<p style=\"text-align: center\">\n<p style=\"text-align: center\">\n<\/div>\n<\/div>\n<\/div>\n<\/div>\n<\/div>\n<div class=\"one withsmallpadding ppb_header \" style=\"text-align:center;padding:0px 0 0px 0;color:#ceb4ae\">\n<div class=\"standard_wrapper\">\n<div class=\"page_content_wrapper\">\n<div class=\"inner\">\n<div style=\"margin:auto;width:100%\">\n<h2 class=\"ppb_title\" style=\"color:#ceb4ae\">Audios<\/h2>\n<\/div>\n<\/div>\n<\/div>\n<\/div>\n<\/div>\n<div class=\"one withsmallpadding\" style=\"padding:30px 0 30px 0\">\n<div class=\"standard_wrapper\">\n<div class=\"page_content_wrapper\">\n<div class=\"inner\">\n<div class=\"inner_wrapper\">\n<div class=\"sidebar_content\">\n<div class=\"two_third \">\n<h6>Duet Salome \/ Jochanaan &#8211; Deinen Mund begehre ich.. (Jochanaan: Tommi Hakala)<\/h6>\n<p>From &#8220;Salome&#8221; by Richard Strauss<\/p>\n<\/div>\n<div class=\"one_third last \">\n<audio class=\"wp-audio-shortcode\" id=\"audio-4554-1\" preload=\"none\" style=\"width: 100%\" controls=\"controls\"><a href=\"https:\/\/astridkessler.de\/en\/wp-content\/uploads\/sites\/5\/2023\/11\/Salome-duet-kurz.mp3\">https:\/\/astridkessler.de\/en\/wp-content\/uploads\/sites\/5\/2023\/11\/Salome-duet-kurz.mp3<\/a><\/audio>\n<\/div>\n<p><br class=\"clear\" \/><\/p>\n<hr class=\"normal\" \/>\n<div class=\"two_third \">\n<h6>Sieglindes Aria &#8211; Schl\u00e4fst du, Gast? .. Der M\u00e4nner Sippe<\/h6>\n<p>From &#8220;Die Walk\u00fcre&#8221; by R. Wagner\n<\/p>\n<\/div>\n<div class=\"one_third last \">\n<audio class=\"wp-audio-shortcode\" id=\"audio-4554-2\" preload=\"none\" style=\"width: 100%\" controls=\"controls\"><a href=\"https:\/\/astridkessler.de\/wp-content\/uploads\/2019\/11\/sieglinde1.mp3\">https:\/\/astridkessler.de\/wp-content\/uploads\/2019\/11\/sieglinde1.mp3<\/a><\/audio>\n<\/div>\n<p><br class=\"clear\" \/><\/p>\n<hr class=\"normal\" \/>\n<div class=\"two_third \">\n<h6>Elisabeths Aria &#8211; Dich, teure Halle<\/h6>\n<p>From &#8220;Tannh\u00e4user&#8221; by Richard Wagner\n<\/p>\n<\/div>\n<div class=\"one_third last \">\n<audio class=\"wp-audio-shortcode\" id=\"audio-4554-3\" preload=\"none\" style=\"width: 100%\" controls=\"controls\"><a href=\"https:\/\/astridkessler.de\/en\/wp-content\/uploads\/sites\/5\/2018\/06\/Tannh\u00e4user-Hallenarie-2018.mp3\">https:\/\/astridkessler.de\/en\/wp-content\/uploads\/sites\/5\/2018\/06\/Tannh\u00e4user-Hallenarie-2018.mp3<\/a><\/audio>\n<\/div>\n<p><br class=\"clear\" \/><\/p>\n<hr class=\"normal\" \/>\n<div class=\"two_third \">\n<h6>Elettras Aria &#8211; D\u00b4Oreste, d\u00b4Aiace<\/h6>\n<p>From &#8220;Idomeneo&#8221; by W.A. Mozart<\/p>\n<\/div>\n<div class=\"one_third last \">\n<audio class=\"wp-audio-shortcode\" id=\"audio-4554-4\" preload=\"none\" style=\"width: 100%\" controls=\"controls\"><a href=\"https:\/\/astridkessler.de\/wp-content\/uploads\/2016\/10\/elettra-d\u00b4oreste-d\u00b4aiace.mp3\">https:\/\/astridkessler.de\/wp-content\/uploads\/2016\/10\/elettra-d\u00b4oreste-d\u00b4aiace.mp3<\/a><\/audio>\n<\/div>\n<p><br class=\"clear\" \/><\/p>\n<hr class=\"normal\" \/>\n<div class=\"two_third \">\n<h6>The Marschallin&#8217;s Monologue &#8211; Die Zeit, die ist ein sonderbar Ding<\/h6>\n<p>From &#8220;Der Rosenkavalier&#8221; by Richard Strauss<\/p>\n<\/div>\n<div class=\"one_third last \">\n<audio class=\"wp-audio-shortcode\" id=\"audio-4554-5\" preload=\"none\" style=\"width: 100%\" controls=\"controls\"><a href=\"https:\/\/astridkessler.de\/en\/wp-content\/uploads\/sites\/5\/2017\/12\/Rosenkavalier-monolog2.m4a\">https:\/\/astridkessler.de\/en\/wp-content\/uploads\/sites\/5\/2017\/12\/Rosenkavalier-monolog2.m4a<\/a><\/audio>\n<\/div>\n<p><br class=\"clear\" \/><\/p>\n<hr class=\"normal\" \/>\n<div class=\"two_third \">\n<h6>Er, der Herrlichste von Allen<\/h6>\n<p>From &#8220;A Woman&#8217;s Love and Life&#8221; by Robert Schumann<\/p>\n<\/div>\n<div class=\"one_third last \">\n<audio class=\"wp-audio-shortcode\" id=\"audio-4554-6\" preload=\"none\" style=\"width: 100%\" controls=\"controls\"><a href=\"https:\/\/astridkessler.de\/en\/wp-content\/uploads\/sites\/5\/2016\/07\/Schumann_Er-Der-Herrlichste-Von-Allen.m4a\">https:\/\/astridkessler.de\/en\/wp-content\/uploads\/sites\/5\/2016\/07\/Schumann_Er-Der-Herrlichste-Von-Allen.m4a<\/a><\/audio>\n<\/div>\n<p><br class=\"clear\" \/><\/p>\n<hr class=\"normal\" \/>\n<div class=\"two_third \">\n<h6>Gesegnet sei das Gr\u00fcn<\/h6>\n<p>From &#8220;Italian Songbook&#8221; by Hugo Wolf\n<\/p>\n<\/div>\n<div class=\"one_third last \">\n<audio class=\"wp-audio-shortcode\" id=\"audio-4554-7\" preload=\"none\" style=\"width: 100%\" controls=\"controls\"><a href=\"https:\/\/astridkessler.de\/en\/wp-content\/uploads\/sites\/5\/2016\/07\/Wolf_Gesegnet-Sei-Das-Gruen.m4a\">https:\/\/astridkessler.de\/en\/wp-content\/uploads\/sites\/5\/2016\/07\/Wolf_Gesegnet-Sei-Das-Gruen.m4a<\/a><\/audio>\n<\/div>\n<p><br class=\"clear\" \/><\/p>\n<hr class=\"normal\" \/>\n<div class=\"two_third \">\n<h6>Unbekannt, darum nicht minder interessant<\/h6>\n<p>From &#8220;The Count of Luxembourg&#8221; by Franz Leh\u00e1r\n<\/p>\n<\/div>\n<div class=\"one_third last \">\n<audio class=\"wp-audio-shortcode\" id=\"audio-4554-8\" preload=\"none\" style=\"width: 100%\" controls=\"controls\"><a href=\"https:\/\/astridkessler.de\/en\/wp-content\/uploads\/sites\/5\/2016\/07\/GrafLux-unbekannt.m4a\">https:\/\/astridkessler.de\/en\/wp-content\/uploads\/sites\/5\/2016\/07\/GrafLux-unbekannt.m4a<\/a><\/audio>\n<\/div>\n<p><br class=\"clear\" \/><\/p>\n<hr class=\"normal\" \/>\n<\/div>\n<div class=\"sidebar_wrapper\">\n<div class=\"sidebar\">\n<div class=\"content\">\n<ul class=\"sidebar_widget\">\n<li id=\"text-2\" class=\"widget widget_text\">\n<div class=\"textwidget\"><a href=\"https:\/\/www.jpc.de\/jpcng\/classic\/detail\/-\/art\/Astrid-Kessler-Songs\/hnum\/1528755\" target=\"_blank\"><img decoding=\"async\" src=\"https:\/\/astridkessler.de\/wp-content\/uploads\/2016\/07\/SONGS_Astrid-Kessler_CD-Cover_web_klein.jpg\" title=\"SONGS by Astrid Kessler\" alt=\"CD-Cover SONGS\"><\/p>\n<h5>Songs<\/h5>\n<p><\/a><\/p>\n<p style=\"font-size:13px\">Astrid Kessler + Natalia Ehwald<\/p>\n<p style=\"font-size:13px\">Schumann: Frauenliebe und -leben<br \/>\nWolf: aus dem italienischen Liederbuch<br \/>\nBerg: Sieben fr\u00fche Lieder<br \/>\nStrauss: M\u00e4dchenblume<\/p>\n<p><a href=\"https:\/\/www.jpc.de\/jpcng\/cpo\/detail\/-\/art\/franz-lehar-der-graf-von-luxemburg\/hnum\/3506421#product-recommendation\" target=\"_blank\"><img decoding=\"async\" src=\"https:\/\/astridkessler.de\/wp-content\/uploads\/2016\/07\/graf-luxemburg-cd-cover.jpg\" title=\"Cover CD Graf von Luxemburg\" alt=\"CD-Cover Graf von Luxemburg\"><\/p>\n<h5>Der Graf von Luxemburg<\/h5>\n<p><\/a><\/p>\n<p style=\"font-size:13px\">Franz Leh\u00e1r<\/p>\n<p style=\"font-size:13px\">Choir of the Theatre of Osnabr\u00fcck,<br \/>\nOsnabr\u00fcck Symphony Orchestra<br \/>\nand Daniel Inbal\n<\/p>\n<\/div>\n<\/li>\n<\/ul>\n<\/div>\n<\/div>\n<\/div>\n<\/div>\n<\/div>\n<\/div>\n<\/div>\n<\/div>\n<div class=\"one withsmallpadding ppb_header \" style=\"text-align:center;padding:0px 0 0px 0;color:#ceb4ae\">\n<div class=\"standard_wrapper\">\n<div class=\"page_content_wrapper\">\n<div class=\"inner\">\n<div style=\"margin:auto;width:100%\">\n<h2 class=\"ppb_title\" style=\"color:#ceb4ae\">On stage<\/h2>\n<\/div>\n<\/div>\n<\/div>\n<\/div>\n<\/div>\n<div class=\"one\">\n<div class=\"standard_wrapper\">\n<div id=\"1772392814112005420\" class=\"portfolio_filter_wrapper gallery three_cols contain\" data-columns=\"3\">\n<div class=\"element grid  classic3_cols\">\n<div class=\"one_third gallery3 static filterable gallery_type animated1\"><a class=\"fancy-gallery\" href=\"https:\/\/astridkessler.de\/en\/wp-content\/uploads\/sites\/5\/2016\/06\/IMG_3409.jpeg\" data-caption=\"Salome, Antwerpen \"><img decoding=\"async\" src=\"https:\/\/astridkessler.de\/en\/wp-content\/uploads\/sites\/5\/2016\/06\/IMG_3409-705x1058.jpeg\" alt=\"\" \/><\/a><\/div>\n<\/div>\n<div class=\"element grid  classic3_cols\">\n<div class=\"one_third gallery3 static filterable gallery_type animated2\"><a class=\"fancy-gallery\" href=\"https:\/\/astridkessler.de\/en\/wp-content\/uploads\/sites\/5\/2016\/06\/IMG_0111.jpeg\" data-caption=\"Salome, Volksoper Wien \"><img decoding=\"async\" src=\"https:\/\/astridkessler.de\/en\/wp-content\/uploads\/sites\/5\/2016\/06\/IMG_0111-705x511.jpeg\" alt=\"\" \/><\/a><\/div>\n<\/div>\n<div class=\"element grid  classic3_cols\">\n<div class=\"one_third gallery3 static filterable gallery_type animated3\"><a class=\"fancy-gallery\" href=\"https:\/\/astridkessler.de\/en\/wp-content\/uploads\/sites\/5\/2016\/06\/GP_Tannhaeuser_9440_328_Forster_Karl-scaled.jpg\" data-caption=\"Elisabeth, Tannh\u00e4user. Foto: Karl Forster\"><img decoding=\"async\" src=\"https:\/\/astridkessler.de\/en\/wp-content\/uploads\/sites\/5\/2016\/06\/GP_Tannhaeuser_9440_328_Forster_Karl-705x597.jpg\" alt=\"\" \/><\/a><\/div>\n<\/div>\n<div class=\"element grid  classic3_cols\">\n<div class=\"one_third gallery3 static filterable gallery_type animated4\"><a class=\"fancy-gallery\" href=\"https:\/\/astridkessler.de\/en\/wp-content\/uploads\/sites\/5\/2016\/06\/csm_Walkuere_GP_521_bc1c68e55f-e1655645184691.jpg\" data-caption=\"Sieglinde in Dortmund, Foto: Thomas Jauk\"><img decoding=\"async\" src=\"https:\/\/astridkessler.de\/en\/wp-content\/uploads\/sites\/5\/2016\/06\/csm_Walkuere_GP_521_bc1c68e55f-e1655645184691-705x849.jpg\" alt=\"\" \/><\/a><\/div>\n<\/div>\n<div class=\"element grid  classic3_cols\">\n<div class=\"one_third gallery3 static filterable gallery_type animated5\"><a class=\"fancy-gallery\" href=\"https:\/\/astridkessler.de\/en\/wp-content\/uploads\/sites\/5\/2016\/06\/opernwelt-titel.jpg\" data-caption=\"\"><img decoding=\"async\" src=\"https:\/\/astridkessler.de\/en\/wp-content\/uploads\/sites\/5\/2016\/06\/opernwelt-titel.jpg\" alt=\"\" \/><\/a><\/div>\n<\/div>\n<div class=\"element grid  classic3_cols\">\n<div class=\"one_third gallery3 static filterable gallery_type animated6\"><a class=\"fancy-gallery\" href=\"https:\/\/astridkessler.de\/en\/wp-content\/uploads\/sites\/5\/2016\/06\/csm_nabucco_gp_c_Kaufhold_0752_744d034a09.jpg\" data-caption=\"Abigaille - Nabucco - Staatstheater Saarbr\u00fccken 2018\"><img decoding=\"async\" src=\"https:\/\/astridkessler.de\/en\/wp-content\/uploads\/sites\/5\/2016\/06\/csm_nabucco_gp_c_Kaufhold_0752_744d034a09.jpg\" alt=\"\" \/><\/a><\/div>\n<\/div>\n<div class=\"element grid  classic3_cols\">\n<div class=\"one_third gallery3 static filterable gallery_type animated7\"><a class=\"fancy-gallery\" href=\"https:\/\/astridkessler.de\/en\/wp-content\/uploads\/sites\/5\/2016\/06\/rosenkavalier_wa2017_hjm_1025.jpg\" data-caption=\"\"><img decoding=\"async\" src=\"https:\/\/astridkessler.de\/en\/wp-content\/uploads\/sites\/5\/2016\/06\/rosenkavalier_wa2017_hjm_1025-705x471.jpg\" alt=\"\" \/><\/a><\/div>\n<\/div>\n<div class=\"element grid  classic3_cols\">\n<div class=\"one_third gallery3 static filterable gallery_type animated8\"><a class=\"fancy-gallery\" href=\"https:\/\/astridkessler.de\/en\/wp-content\/uploads\/sites\/5\/2016\/06\/DIE-LUSTIGE-WITWE_19.jpg\" data-caption=\"The Merry Widow - National Theatre Mannheim - direction: Renato Zanella, photo: Hans J\u00f6rg Michel \"><img decoding=\"async\" src=\"https:\/\/astridkessler.de\/en\/wp-content\/uploads\/sites\/5\/2016\/06\/DIE-LUSTIGE-WITWE_19-705x989.jpg\" alt=\"\" \/><\/a><\/div>\n<\/div>\n<div class=\"element grid  classic3_cols\">\n<div class=\"one_third gallery3 static filterable gallery_type animated9\"><a class=\"fancy-gallery\" href=\"https:\/\/astridkessler.de\/en\/wp-content\/uploads\/sites\/5\/2017\/12\/GENOVEVA_1024-1-e1513201030439.jpg\" data-caption=\"\"><img decoding=\"async\" src=\"https:\/\/astridkessler.de\/en\/wp-content\/uploads\/sites\/5\/2017\/12\/GENOVEVA_1024-1-e1513201030439-705x880.jpg\" alt=\"\" \/><\/a><\/div>\n<\/div>\n<div class=\"element grid  classic3_cols\">\n<div class=\"one_third gallery3 static filterable gallery_type animated10\"><a class=\"fancy-gallery\" href=\"https:\/\/astridkessler.de\/en\/wp-content\/uploads\/sites\/5\/2016\/06\/DIE-LUSTIGE-WITWE_12.jpg\" data-caption=\"The Merry Widow - National Theatre Mannheim - direction: Renato Zanella, photo: Hans J\u00f6rg Michel \"><img decoding=\"async\" src=\"https:\/\/astridkessler.de\/en\/wp-content\/uploads\/sites\/5\/2016\/06\/DIE-LUSTIGE-WITWE_12-705x474.jpg\" alt=\"\" \/><\/a><\/div>\n<\/div>\n<div class=\"element grid  classic3_cols\">\n<div class=\"one_third gallery3 static filterable gallery_type animated11\"><a class=\"fancy-gallery\" href=\"https:\/\/astridkessler.de\/en\/wp-content\/uploads\/sites\/5\/2016\/06\/mariza_57.jpg\" data-caption=\"Countess Mariza - Vienna Volksoper - direction: Thomas Enzinger, photo: Barbara P\u00e0lffy\"><img decoding=\"async\" src=\"https:\/\/astridkessler.de\/en\/wp-content\/uploads\/sites\/5\/2016\/06\/mariza_57-705x499.jpg\" alt=\"\" \/><\/a><\/div>\n<\/div>\n<div class=\"element grid  classic3_cols\">\n<div class=\"one_third gallery3 static filterable gallery_type animated12\"><a class=\"fancy-gallery\" href=\"https:\/\/astridkessler.de\/en\/wp-content\/uploads\/sites\/5\/2016\/06\/Der-GolemDSC_9471.jpg\" data-caption=\"The Golem - National Theatre Mannheim - direction: Peter Misotten, photo: Hans J\u00f6rg Michel \"><img decoding=\"async\" src=\"https:\/\/astridkessler.de\/en\/wp-content\/uploads\/sites\/5\/2016\/06\/Der-GolemDSC_9471-705x469.jpg\" alt=\"\" \/><\/a><\/div>\n<\/div>\n<div class=\"element grid  classic3_cols\">\n<div class=\"one_third gallery3 static filterable gallery_type animated13\"><a class=\"fancy-gallery\" href=\"https:\/\/astridkessler.de\/en\/wp-content\/uploads\/sites\/5\/2016\/06\/DonGiovanni_4236.jpg\" data-caption=\"Don Giovanni - Theatre of Osnabr\u00fcck - direction: Walter Sutcliffe, photo: Uwe Lewandowski\"><img decoding=\"async\" src=\"https:\/\/astridkessler.de\/en\/wp-content\/uploads\/sites\/5\/2016\/06\/DonGiovanni_4236-705x470.jpg\" alt=\"\" \/><\/a><\/div>\n<\/div>\n<div class=\"element grid  classic3_cols\">\n<div class=\"one_third gallery3 static filterable gallery_type animated14\"><a class=\"fancy-gallery\" href=\"https:\/\/astridkessler.de\/en\/wp-content\/uploads\/sites\/5\/2016\/07\/Falstaff_0893.jpg\" data-caption=\"Falstaff - National Theatre Mannheim - direction: Christoph Nel, photo: Hans J\u00f6rg Michel \"><img decoding=\"async\" src=\"https:\/\/astridkessler.de\/en\/wp-content\/uploads\/sites\/5\/2016\/07\/Falstaff_0893-705x469.jpg\" alt=\"\" \/><\/a><\/div>\n<\/div>\n<div class=\"element grid  classic3_cols\">\n<div class=\"one_third gallery3 static filterable gallery_type animated15\"><a class=\"fancy-gallery\" href=\"https:\/\/astridkessler.de\/en\/wp-content\/uploads\/sites\/5\/2016\/07\/Falstaff_2738.jpg\" data-caption=\"Falstaff - National Theatre Mannheim - direction: Christoph Nel, photo: Hans J\u00f6rg Michel \"><img decoding=\"async\" src=\"https:\/\/astridkessler.de\/en\/wp-content\/uploads\/sites\/5\/2016\/07\/Falstaff_2738-705x471.jpg\" alt=\"\" \/><\/a><\/div>\n<\/div>\n<div class=\"element grid  classic3_cols\">\n<div class=\"one_third gallery3 static filterable gallery_type animated16\"><a class=\"fancy-gallery\" href=\"https:\/\/astridkessler.de\/en\/wp-content\/uploads\/sites\/5\/2016\/06\/GPGiovanna157.jpg\" data-caption=\"Giovanna d\u00b4Arco - Theatre of Bielefeld - direction: Sabine Hartmannshenn, photo: Bettina St\u00f6\u00df\"><img decoding=\"async\" src=\"https:\/\/astridkessler.de\/en\/wp-content\/uploads\/sites\/5\/2016\/06\/GPGiovanna157-705x470.jpg\" alt=\"\" \/><\/a><\/div>\n<\/div>\n<div class=\"element grid  classic3_cols\">\n<div class=\"one_third gallery3 static filterable gallery_type animated17\"><a class=\"fancy-gallery\" href=\"https:\/\/astridkessler.de\/en\/wp-content\/uploads\/sites\/5\/2015\/12\/LEW105511.jpg\" data-caption=\"The Count of Luxembourg - Theatre of Osnabr\u00fcck - direction: Marcel Keller, photo: Uwe Lewandowski\"><img decoding=\"async\" src=\"https:\/\/astridkessler.de\/en\/wp-content\/uploads\/sites\/5\/2015\/12\/LEW105511-705x482.jpg\" alt=\"\" \/><\/a><\/div>\n<\/div>\n<div class=\"element grid  classic3_cols\">\n<div class=\"one_third gallery3 static filterable gallery_type animated18\"><a class=\"fancy-gallery\" href=\"https:\/\/astridkessler.de\/en\/wp-content\/uploads\/sites\/5\/2016\/06\/LA-JUIVE-GP_0534.jpg\" data-caption=\"La Juive - National Theatre Mannheim - direction: Peter Konwitschny, photo: Hans J\u00f6rg Michel \"><img decoding=\"async\" src=\"https:\/\/astridkessler.de\/en\/wp-content\/uploads\/sites\/5\/2016\/06\/LA-JUIVE-GP_0534-705x469.jpg\" alt=\"\" \/><\/a><\/div>\n<\/div>\n<div class=\"element grid  classic3_cols\">\n<div class=\"one_third gallery3 static filterable gallery_type animated19\"><a class=\"fancy-gallery\" href=\"https:\/\/astridkessler.de\/en\/wp-content\/uploads\/sites\/5\/2016\/06\/LA-JUIVE-GP_0722.jpg\" data-caption=\"La Juive - National Theatre Mannheim - direction: Peter Konwitschny, photo: Hans J\u00f6rg Michel \"><img decoding=\"async\" src=\"https:\/\/astridkessler.de\/en\/wp-content\/uploads\/sites\/5\/2016\/06\/LA-JUIVE-GP_0722-705x469.jpg\" alt=\"\" \/><\/a><\/div>\n<\/div>\n<div class=\"element grid  classic3_cols\">\n<div class=\"one_third gallery3 static filterable gallery_type animated20\"><a class=\"fancy-gallery\" href=\"https:\/\/astridkessler.de\/en\/wp-content\/uploads\/sites\/5\/2016\/07\/Turn-of-the-Screw_Mannheim.jpg\" data-caption=\"The Turn of the Screw - National Theatre Mannheim - direction: Frank Hilbrich, photo: Hans J\u00f6rg Michel\"><img decoding=\"async\" src=\"https:\/\/astridkessler.de\/en\/wp-content\/uploads\/sites\/5\/2016\/07\/Turn-of-the-Screw_Mannheim-705x1059.jpg\" alt=\"\" \/><\/a><\/div>\n<\/div>\n<div class=\"element grid  classic3_cols\">\n<div class=\"one_third gallery3 static filterable gallery_type animated21\"><a class=\"fancy-gallery\" href=\"https:\/\/astridkessler.de\/en\/wp-content\/uploads\/sites\/5\/2016\/07\/Turn-of-the-Screw_Mannheim082.jpg\" data-caption=\"The Turn of the Screw - National Theatre Mannheim - direction: Frank Hilbrich, photo: Hans J\u00f6rg Michel\"><img decoding=\"async\" src=\"https:\/\/astridkessler.de\/en\/wp-content\/uploads\/sites\/5\/2016\/07\/Turn-of-the-Screw_Mannheim082-705x469.jpg\" alt=\"\" \/><\/a><\/div>\n<\/div>\n<\/div>\n<\/div>\n<\/div>\n<div class=\"one withsmallpadding ppb_header \" style=\"text-align:center;padding:0px 0 0px 0;color:#ceb4ae\">\n<div class=\"standard_wrapper\">\n<div class=\"page_content_wrapper\">\n<div class=\"inner\">\n<div style=\"margin:auto;width:100%\">\n<h2 class=\"ppb_title\" style=\"color:#ceb4ae\">Portraits<\/h2>\n<\/div>\n<\/div>\n<\/div>\n<\/div>\n<\/div>\n<div class=\"one\">\n<div class=\"standard_wrapper\">\n<div id=\"1772392814263113490\" class=\"portfolio_filter_wrapper gallery three_cols contain\" data-columns=\"3\">\n<div class=\"element grid  classic3_cols\">\n<div class=\"one_third gallery3 static filterable gallery_type animated1\"><a class=\"fancy-gallery\" href=\"https:\/\/astridkessler.de\/en\/wp-content\/uploads\/sites\/5\/2016\/06\/ng-fotografie_20210921-0984_hoch-f_grau_klein.jpg\" data-caption=\"\"><img decoding=\"async\" src=\"https:\/\/astridkessler.de\/en\/wp-content\/uploads\/sites\/5\/2016\/06\/ng-fotografie_20210921-0984_hoch-f_grau_klein-705x1058.jpg\" alt=\"\" \/><\/a><\/div>\n<\/div>\n<div class=\"element grid  classic3_cols\">\n<div class=\"one_third gallery3 static filterable gallery_type animated2\"><a class=\"fancy-gallery\" href=\"https:\/\/astridkessler.de\/en\/wp-content\/uploads\/sites\/5\/2021\/12\/ng-fotografie_20210921-0728-f_blau_klein.jpg\" data-caption=\"\"><img decoding=\"async\" src=\"https:\/\/astridkessler.de\/en\/wp-content\/uploads\/sites\/5\/2021\/12\/ng-fotografie_20210921-0728-f_blau_klein-705x470.jpg\" alt=\"\" \/><\/a><\/div>\n<\/div>\n<div class=\"element grid  classic3_cols\">\n<div class=\"one_third gallery3 static filterable gallery_type animated3\"><a class=\"fancy-gallery\" href=\"https:\/\/astridkessler.de\/en\/wp-content\/uploads\/sites\/5\/2016\/06\/ng-fotografie_20210921-0380_quadrat-f_blau_klein.jpg\" data-caption=\"\"><img decoding=\"async\" src=\"https:\/\/astridkessler.de\/en\/wp-content\/uploads\/sites\/5\/2016\/06\/ng-fotografie_20210921-0380_quadrat-f_blau_klein-705x705.jpg\" alt=\"\" \/><\/a><\/div>\n<\/div>\n<div class=\"element grid  classic3_cols\">\n<div class=\"one_third gallery3 static filterable gallery_type animated4\"><a class=\"fancy-gallery\" href=\"https:\/\/astridkessler.de\/en\/wp-content\/uploads\/sites\/5\/2016\/07\/7868_web.jpg\" data-caption=\"\"><img decoding=\"async\" src=\"https:\/\/astridkessler.de\/en\/wp-content\/uploads\/sites\/5\/2016\/07\/7868_web-705x1058.jpg\" alt=\"\" \/><\/a><\/div>\n<\/div>\n<div class=\"element grid  classic3_cols\">\n<div class=\"one_third gallery3 static filterable gallery_type animated5\"><a class=\"fancy-gallery\" href=\"https:\/\/astridkessler.de\/en\/wp-content\/uploads\/sites\/5\/2016\/07\/7932_web.jpg\" data-caption=\"\"><img decoding=\"async\" src=\"https:\/\/astridkessler.de\/en\/wp-content\/uploads\/sites\/5\/2016\/07\/7932_web-705x470.jpg\" alt=\"\" \/><\/a><\/div>\n<\/div>\n<div class=\"element grid  classic3_cols\">\n<div class=\"one_third gallery3 static filterable gallery_type animated6\"><a class=\"fancy-gallery\" href=\"https:\/\/astridkessler.de\/en\/wp-content\/uploads\/sites\/5\/2016\/06\/9187_print.jpg\" data-caption=\"Foto: Daniel Weisser.\"><img decoding=\"async\" src=\"https:\/\/astridkessler.de\/en\/wp-content\/uploads\/sites\/5\/2016\/06\/9187_print-705x1058.jpg\" alt=\"\" \/><\/a><\/div>\n<\/div>\n<div class=\"element grid  classic3_cols\">\n<div class=\"one_third gallery3 static filterable gallery_type animated7\"><a class=\"fancy-gallery\" href=\"https:\/\/astridkessler.de\/en\/wp-content\/uploads\/sites\/5\/2016\/07\/9229_print.jpg\" data-caption=\"Foto: Daniel Weisser.\"><img decoding=\"async\" src=\"https:\/\/astridkessler.de\/en\/wp-content\/uploads\/sites\/5\/2016\/07\/9229_print-705x1058.jpg\" alt=\"\" \/><\/a><\/div>\n<\/div>\n<div class=\"element grid  classic3_cols\">\n<div class=\"one_third gallery3 static filterable gallery_type animated8\"><a class=\"fancy-gallery\" href=\"https:\/\/astridkessler.de\/en\/wp-content\/uploads\/sites\/5\/2016\/06\/Astrid_02-Kopie.jpg\" data-caption=\"Foto: Ulrich Hartmann.\"><img decoding=\"async\" src=\"https:\/\/astridkessler.de\/en\/wp-content\/uploads\/sites\/5\/2016\/06\/Astrid_02-Kopie-705x538.jpg\" alt=\"\" \/><\/a><\/div>\n<\/div>\n<div class=\"element grid  classic3_cols\">\n<div class=\"one_third gallery3 static filterable gallery_type animated9\"><a class=\"fancy-gallery\" href=\"https:\/\/astridkessler.de\/en\/wp-content\/uploads\/sites\/5\/2016\/06\/astrid_kessler_in_beelitz.jpg\" data-caption=\"Foto: Hiromi Hoshiko.\"><img decoding=\"async\" src=\"https:\/\/astridkessler.de\/en\/wp-content\/uploads\/sites\/5\/2016\/06\/astrid_kessler_in_beelitz-705x479.jpg\" alt=\"\" \/><\/a><\/div>\n<\/div>\n<div class=\"element grid  classic3_cols\">\n<div class=\"one_third gallery3 static filterable gallery_type animated10\"><a class=\"fancy-gallery\" href=\"https:\/\/astridkessler.de\/en\/wp-content\/uploads\/sites\/5\/2016\/07\/7915_web-1.jpg\" data-caption=\"\"><img decoding=\"async\" src=\"https:\/\/astridkessler.de\/en\/wp-content\/uploads\/sites\/5\/2016\/07\/7915_web-1-705x470.jpg\" alt=\"\" \/><\/a><\/div>\n<\/div>\n<\/div>\n<\/div>\n<\/div>\n","protected":false},"excerpt":{"rendered":"<p>Videos Audios Duet Salome \/ Jochanaan &#8211; Deinen Mund begehre ich.. (Jochanaan: Tommi Hakala) From &#8220;Salome&#8221; by Richard Strauss https:\/\/astridkessler.de\/en\/wp-content\/uploads\/sites\/5\/2023\/11\/Salome-duet-kurz.mp3 Sieglindes Aria &#8211; Schl\u00e4fst du, Gast? .. Der M\u00e4nner Sippe From &#8220;Die Walk\u00fcre&#8221; by R. Wagner https:\/\/astridkessler.de\/wp-content\/uploads\/2019\/11\/sieglinde1.mp3 Elisabeths Aria &#8211; [&hellip;]<\/p>\n","protected":false},"author":1,"featured_media":0,"parent":0,"menu_order":0,"comment_status":"closed","ping_status":"closed","template":"","meta":{"footnotes":""},"class_list":["post-4554","page","type-page","status-publish","hentry"],"yoast_head":"<!-- This site is optimized with the Yoast SEO plugin v26.8 - https:\/\/yoast.com\/product\/yoast-seo-wordpress\/ -->\n<title>Media &#8226; Astrid Kessler<\/title>\n<meta name=\"robots\" content=\"index, follow, max-snippet:-1, max-image-preview:large, max-video-preview:-1\" \/>\n<link rel=\"canonical\" href=\"https:\/\/astridkessler.de\/en\/media\/\" \/>\n<meta property=\"og:locale\" content=\"en_US\" \/>\n<meta property=\"og:type\" content=\"article\" \/>\n<meta property=\"og:title\" content=\"Media &#8226; Astrid Kessler\" \/>\n<meta property=\"og:description\" content=\"Videos Audios Duet Salome \/ Jochanaan &#8211; Deinen Mund begehre ich.. (Jochanaan: Tommi Hakala) From &#8220;Salome&#8221; by Richard Strauss https:\/\/astridkessler.de\/en\/wp-content\/uploads\/sites\/5\/2023\/11\/Salome-duet-kurz.mp3 Sieglindes Aria &#8211; Schl\u00e4fst du, Gast? .. Der M\u00e4nner Sippe From &#8220;Die Walk\u00fcre&#8221; by R. Wagner https:\/\/astridkessler.de\/wp-content\/uploads\/2019\/11\/sieglinde1.mp3 Elisabeths Aria &#8211; [&hellip;]\" \/>\n<meta property=\"og:url\" content=\"https:\/\/astridkessler.de\/en\/media\/\" \/>\n<meta property=\"og:site_name\" content=\"Astrid Kessler\" \/>\n<meta property=\"article:modified_time\" content=\"2026-03-01T19:20:14+00:00\" \/>\n<meta property=\"og:image\" content=\"https:\/\/astridkessler.de\/wp-content\/uploads\/2016\/07\/SONGS_Astrid-Kessler_CD-Cover_web_klein.jpg\" \/>\n<meta name=\"twitter:card\" content=\"summary_large_image\" \/>\n<meta name=\"twitter:label1\" content=\"Est. reading time\" \/>\n\t<meta name=\"twitter:data1\" content=\"7 minutes\" \/>\n<script type=\"application\/ld+json\" class=\"yoast-schema-graph\">{\"@context\":\"https:\/\/schema.org\",\"@graph\":[{\"@type\":\"WebPage\",\"@id\":\"https:\/\/astridkessler.de\/en\/media\/\",\"url\":\"https:\/\/astridkessler.de\/en\/media\/\",\"name\":\"Media &#8226; Astrid Kessler\",\"isPartOf\":{\"@id\":\"https:\/\/astridkessler.de\/en\/#website\"},\"primaryImageOfPage\":{\"@id\":\"https:\/\/astridkessler.de\/en\/media\/#primaryimage\"},\"image\":{\"@id\":\"https:\/\/astridkessler.de\/en\/media\/#primaryimage\"},\"thumbnailUrl\":\"https:\/\/astridkessler.de\/wp-content\/uploads\/2016\/07\/SONGS_Astrid-Kessler_CD-Cover_web_klein.jpg\",\"datePublished\":\"2016-06-23T10:58:05+00:00\",\"dateModified\":\"2026-03-01T19:20:14+00:00\",\"breadcrumb\":{\"@id\":\"https:\/\/astridkessler.de\/en\/media\/#breadcrumb\"},\"inLanguage\":\"en-US\",\"potentialAction\":[{\"@type\":\"ReadAction\",\"target\":[\"https:\/\/astridkessler.de\/en\/media\/\"]}]},{\"@type\":\"ImageObject\",\"inLanguage\":\"en-US\",\"@id\":\"https:\/\/astridkessler.de\/en\/media\/#primaryimage\",\"url\":\"https:\/\/astridkessler.de\/wp-content\/uploads\/2016\/07\/SONGS_Astrid-Kessler_CD-Cover_web_klein.jpg\",\"contentUrl\":\"https:\/\/astridkessler.de\/wp-content\/uploads\/2016\/07\/SONGS_Astrid-Kessler_CD-Cover_web_klein.jpg\"},{\"@type\":\"BreadcrumbList\",\"@id\":\"https:\/\/astridkessler.de\/en\/media\/#breadcrumb\",\"itemListElement\":[{\"@type\":\"ListItem\",\"position\":1,\"name\":\"Startseite\",\"item\":\"https:\/\/astridkessler.de\/en\/\"},{\"@type\":\"ListItem\",\"position\":2,\"name\":\"Media\"}]},{\"@type\":\"WebSite\",\"@id\":\"https:\/\/astridkessler.de\/en\/#website\",\"url\":\"https:\/\/astridkessler.de\/en\/\",\"name\":\"Astrid Kessler\",\"description\":\"Soprano\",\"potentialAction\":[{\"@type\":\"SearchAction\",\"target\":{\"@type\":\"EntryPoint\",\"urlTemplate\":\"https:\/\/astridkessler.de\/en\/?s={search_term_string}\"},\"query-input\":{\"@type\":\"PropertyValueSpecification\",\"valueRequired\":true,\"valueName\":\"search_term_string\"}}],\"inLanguage\":\"en-US\"}]}<\/script>\n<!-- \/ Yoast SEO plugin. -->","yoast_head_json":{"title":"Media &#8226; Astrid Kessler","robots":{"index":"index","follow":"follow","max-snippet":"max-snippet:-1","max-image-preview":"max-image-preview:large","max-video-preview":"max-video-preview:-1"},"canonical":"https:\/\/astridkessler.de\/en\/media\/","og_locale":"en_US","og_type":"article","og_title":"Media &#8226; Astrid Kessler","og_description":"Videos Audios Duet Salome \/ Jochanaan &#8211; Deinen Mund begehre ich.. (Jochanaan: Tommi Hakala) From &#8220;Salome&#8221; by Richard Strauss https:\/\/astridkessler.de\/en\/wp-content\/uploads\/sites\/5\/2023\/11\/Salome-duet-kurz.mp3 Sieglindes Aria &#8211; Schl\u00e4fst du, Gast? .. Der M\u00e4nner Sippe From &#8220;Die Walk\u00fcre&#8221; by R. Wagner https:\/\/astridkessler.de\/wp-content\/uploads\/2019\/11\/sieglinde1.mp3 Elisabeths Aria &#8211; [&hellip;]","og_url":"https:\/\/astridkessler.de\/en\/media\/","og_site_name":"Astrid Kessler","article_modified_time":"2026-03-01T19:20:14+00:00","og_image":[{"url":"https:\/\/astridkessler.de\/wp-content\/uploads\/2016\/07\/SONGS_Astrid-Kessler_CD-Cover_web_klein.jpg","type":"","width":"","height":""}],"twitter_card":"summary_large_image","twitter_misc":{"Est. reading time":"7 minutes"},"schema":{"@context":"https:\/\/schema.org","@graph":[{"@type":"WebPage","@id":"https:\/\/astridkessler.de\/en\/media\/","url":"https:\/\/astridkessler.de\/en\/media\/","name":"Media &#8226; Astrid Kessler","isPartOf":{"@id":"https:\/\/astridkessler.de\/en\/#website"},"primaryImageOfPage":{"@id":"https:\/\/astridkessler.de\/en\/media\/#primaryimage"},"image":{"@id":"https:\/\/astridkessler.de\/en\/media\/#primaryimage"},"thumbnailUrl":"https:\/\/astridkessler.de\/wp-content\/uploads\/2016\/07\/SONGS_Astrid-Kessler_CD-Cover_web_klein.jpg","datePublished":"2016-06-23T10:58:05+00:00","dateModified":"2026-03-01T19:20:14+00:00","breadcrumb":{"@id":"https:\/\/astridkessler.de\/en\/media\/#breadcrumb"},"inLanguage":"en-US","potentialAction":[{"@type":"ReadAction","target":["https:\/\/astridkessler.de\/en\/media\/"]}]},{"@type":"ImageObject","inLanguage":"en-US","@id":"https:\/\/astridkessler.de\/en\/media\/#primaryimage","url":"https:\/\/astridkessler.de\/wp-content\/uploads\/2016\/07\/SONGS_Astrid-Kessler_CD-Cover_web_klein.jpg","contentUrl":"https:\/\/astridkessler.de\/wp-content\/uploads\/2016\/07\/SONGS_Astrid-Kessler_CD-Cover_web_klein.jpg"},{"@type":"BreadcrumbList","@id":"https:\/\/astridkessler.de\/en\/media\/#breadcrumb","itemListElement":[{"@type":"ListItem","position":1,"name":"Startseite","item":"https:\/\/astridkessler.de\/en\/"},{"@type":"ListItem","position":2,"name":"Media"}]},{"@type":"WebSite","@id":"https:\/\/astridkessler.de\/en\/#website","url":"https:\/\/astridkessler.de\/en\/","name":"Astrid Kessler","description":"Soprano","potentialAction":[{"@type":"SearchAction","target":{"@type":"EntryPoint","urlTemplate":"https:\/\/astridkessler.de\/en\/?s={search_term_string}"},"query-input":{"@type":"PropertyValueSpecification","valueRequired":true,"valueName":"search_term_string"}}],"inLanguage":"en-US"}]}},"_links":{"self":[{"href":"https:\/\/astridkessler.de\/en\/wp-json\/wp\/v2\/pages\/4554","targetHints":{"allow":["GET"]}}],"collection":[{"href":"https:\/\/astridkessler.de\/en\/wp-json\/wp\/v2\/pages"}],"about":[{"href":"https:\/\/astridkessler.de\/en\/wp-json\/wp\/v2\/types\/page"}],"author":[{"embeddable":true,"href":"https:\/\/astridkessler.de\/en\/wp-json\/wp\/v2\/users\/1"}],"replies":[{"embeddable":true,"href":"https:\/\/astridkessler.de\/en\/wp-json\/wp\/v2\/comments?post=4554"}],"version-history":[{"count":245,"href":"https:\/\/astridkessler.de\/en\/wp-json\/wp\/v2\/pages\/4554\/revisions"}],"predecessor-version":[{"id":6632,"href":"https:\/\/astridkessler.de\/en\/wp-json\/wp\/v2\/pages\/4554\/revisions\/6632"}],"wp:attachment":[{"href":"https:\/\/astridkessler.de\/en\/wp-json\/wp\/v2\/media?parent=4554"}],"curies":[{"name":"wp","href":"https:\/\/api.w.org\/{rel}","templated":true}]}}